{"id":193,"date":"2014-06-24T21:12:15","date_gmt":"2014-06-24T20:12:15","guid":{"rendered":"http:\/\/institutos.unileon.es\/instituto-estudios-medievales\/?page_id=193"},"modified":"2021-06-28T11:31:17","modified_gmt":"2021-06-28T10:31:17","slug":"congresos","status":"publish","type":"page","link":"https:\/\/institutos.unileon.es\/instituto-estudios-medievales\/congresos\/","title":{"rendered":"Congresos"},"content":{"rendered":"<h1 style=\"text-align: center;\">SEMINARIO<\/h1>\n<p style=\"text-align: center;\">CARTULARIO DE SAN PEDRO DE MONTES<\/p>\n<p style=\"text-align: center;\">1 y 2 de julio de 2021<\/p>\n<p style=\"text-align: center;\">Fundaci\u00f3n Sierra Pambley, 2 (Le\u00f3n)<\/p>\n<a href=\"https:\/\/institutos.unileon.es\/instituto-estudios-medievales\/files\/2021\/06\/Cartel-Seminario-San-Pedro-de-los-Montes.jpeg\"><img loading=\"lazy\" decoding=\"async\" class=\"size-full wp-image-788 aligncenter\" src=\"https:\/\/institutos.unileon.es\/instituto-estudios-medievales\/files\/2021\/06\/Cartel-Seminario-San-Pedro-de-los-Montes.jpeg\" alt=\"\" width=\"457\" height=\"640\" \/><\/a>\n<h1><\/h1>\n<h1 style=\"text-align: center;\"><a href=\"http:\/\/institutos.unileon.es\/instituto-estudios-medievales\/files\/2018\/01\/Cartel.jpg\">Workshop<\/a><\/h1>\n<p style=\"text-align: center;\"><em>Fazer a lo moderno o a lo romano.<\/em><\/p>\n<p style=\"text-align: center;\">Im\u00e1genes y textos del libro castellano del siglo XV<\/p>\n<p style=\"text-align: center;\">Le\u00f3n, 8 y 9 de febrero de 2018<\/p>\n<a href=\"http:\/\/institutos.unileon.es\/instituto-estudios-medievales\/files\/2018\/01\/Cartel.jpg\"><img loading=\"lazy\" decoding=\"async\" class=\"size-medium wp-image-521 aligncenter\" src=\"http:\/\/institutos.unileon.es\/instituto-estudios-medievales\/files\/2018\/01\/Cartel-212x300.jpg\" alt=\"\" width=\"212\" height=\"300\" srcset=\"https:\/\/institutos.unileon.es\/instituto-estudios-medievales\/files\/2018\/01\/Cartel-212x300.jpg 212w, https:\/\/institutos.unileon.es\/instituto-estudios-medievales\/files\/2018\/01\/Cartel-724x1024.jpg 724w, https:\/\/institutos.unileon.es\/instituto-estudios-medievales\/files\/2018\/01\/Cartel.jpg 753w\" sizes=\"auto, (max-width: 212px) 100vw, 212px\" \/><\/a><a href=\"http:\/\/institutos.unileon.es\/instituto-estudios-medievales\/files\/2018\/01\/Programa.pdf\">Programa<\/a>\n\n<hr \/>\n\n<h1 style=\"text-align: center;\">SIMPOSIO INTERNACIONAL<\/h1>\n<p style=\"text-align: center;\">OBISPOS Y CATEDRALES. ARTE EN LA CASTILLA BAJOMEDIEVAL<\/p>\n<p style=\"text-align: center;\">25-27 de Octubre de 2017<\/p>\n<a href=\"http:\/\/institutos.unileon.es\/instituto-estudios-medievales\/files\/2010\/10\/Cartel-definitivo.jpg\"><img loading=\"lazy\" decoding=\"async\" class=\"size-medium wp-image-483 aligncenter\" src=\"http:\/\/institutos.unileon.es\/instituto-estudios-medievales\/files\/2010\/10\/Cartel-definitivo-213x300.jpg\" alt=\"\" width=\"213\" height=\"300\" srcset=\"https:\/\/institutos.unileon.es\/instituto-estudios-medievales\/files\/2010\/10\/Cartel-definitivo-213x300.jpg 213w, https:\/\/institutos.unileon.es\/instituto-estudios-medievales\/files\/2010\/10\/Cartel-definitivo-768x1080.jpg 768w, https:\/\/institutos.unileon.es\/instituto-estudios-medievales\/files\/2010\/10\/Cartel-definitivo-728x1024.jpg 728w\" sizes=\"auto, (max-width: 213px) 100vw, 213px\" \/><\/a>\n\n<a href=\"http:\/\/institutos.unileon.es\/instituto-estudios-medievales\/files\/2010\/10\/Obispos-y-catedrales.-Tr\u00edptico.pdf\">Obispos y catedrales. Tr\u00edptico<\/a>\n<h1>http:\/\/obisposycatedrales.weebly.com\/<\/h1>\n\n<hr \/>\n\n<h1 style=\"text-align: center;\"><strong>52nd INTERNATIONAL CONGRESS ON MEDIEVAL SUTDIES<\/strong><\/h1>\n<h1 style=\"text-align: center;\"><strong>KALAMAZOO (14-17 MAYO 2017)<\/strong><\/h1>\nEl Instituto de Estudios Medievales de la Universidad de Le\u00f3n, en colaboraci\u00f3n con el Instituto de Estudos Medievais de la Universidade Nova de Lisboa promueve dos Sesiones en el 52\u00ba Congreso Internacional de Estudios Medievales de la Western Michigan University, bajo el t\u00edtulo\n<h2 style=\"text-align: center;\"><span style=\"color: #0000ff;\"><em><strong>THE WESTERN IBERIAN KINGDOMS AFTER 1143<\/strong><\/em><\/span><\/h2>\n<p style=\"text-align: center;\">Los interesados en participar en alguna de las dos sesiones pueden descargar el CALL FOR PAPERS en el enlace adjunto y enviar sus propuestas, antes del 5 de septiembre de 2016 a <a href=\"http:\/\/amiguelez@fcsh.unl.pt\">amiguelez@fcsh.unl.pt<\/a><\/p>\n<a href=\"http:\/\/institutos.unileon.es\/instituto-estudios-medievales\/files\/2010\/10\/Call-for-Papers-Sessions-at-ICMS-2017.jpg\"><img loading=\"lazy\" decoding=\"async\" class=\"alignnone size-medium wp-image-369\" src=\"http:\/\/institutos.unileon.es\/instituto-estudios-medievales\/files\/2010\/10\/Call-for-Papers-Sessions-at-ICMS-2017-300x104.jpg\" alt=\"Call for Papers- Sessions at ICMS 2017\" width=\"300\" height=\"104\" srcset=\"https:\/\/institutos.unileon.es\/instituto-estudios-medievales\/files\/2010\/10\/Call-for-Papers-Sessions-at-ICMS-2017-300x104.jpg 300w, https:\/\/institutos.unileon.es\/instituto-estudios-medievales\/files\/2010\/10\/Call-for-Papers-Sessions-at-ICMS-2017-768x267.jpg 768w, https:\/\/institutos.unileon.es\/instituto-estudios-medievales\/files\/2010\/10\/Call-for-Papers-Sessions-at-ICMS-2017.jpg 933w\" sizes=\"auto, (max-width: 300px) 100vw, 300px\" \/><\/a>\n\n<a href=\"http:\/\/institutos.unileon.es\/instituto-estudios-medievales\/files\/2010\/10\/Call-for-Papers-Sessions-at-ICMS-2017.pdf\">Call for Papers- Sessions at ICMS 2017<\/a>\n<pre style=\"text-align: center;\"><a href=\"http:\/\/institutos.unileon.es\/instituto-estudios-medievales\/files\/2014\/06\/1373531192_portada-misericordias1.jpg\">\n\n<img loading=\"lazy\" decoding=\"async\" class=\"aligncenter wp-image-237 size-medium\" src=\"http:\/\/institutos.unileon.es\/instituto-estudios-medievales\/files\/2014\/06\/1373531192_portada-misericordias1-212x300.jpg\" alt=\"1373531192_portada misericordias\" width=\"212\" height=\"300\" srcset=\"https:\/\/institutos.unileon.es\/instituto-estudios-medievales\/files\/2014\/06\/1373531192_portada-misericordias1-212x300.jpg 212w, https:\/\/institutos.unileon.es\/instituto-estudios-medievales\/files\/2014\/06\/1373531192_portada-misericordias1-723x1024.jpg 723w, https:\/\/institutos.unileon.es\/instituto-estudios-medievales\/files\/2014\/06\/1373531192_portada-misericordias1-900x1273.jpg 900w, https:\/\/institutos.unileon.es\/instituto-estudios-medievales\/files\/2014\/06\/1373531192_portada-misericordias1.jpg 1819w\" sizes=\"auto, (max-width: 212px) 100vw, 212px\" \/><\/a><\/pre>\n<address style=\"text-align: center;\"><span style=\"color: #333300;\"><strong>\u00abLES STALLES DANS L\u2019ARCHITECTURE ET L\u2019ARCHITECTURE DANS LES STALLES\u00bb<\/strong><\/span><\/address>\n<p style=\"text-align: center;\"><span style=\"color: #2a2a2a;\"><span style=\"font-size: large;\"><span style=\"color: #008000;\"><strong>\u00abLAS SILLER\u00cdAS DE CORO EN EL ESPACIO ARQUITECT\u00d3NICO Y LA ARQUITECTURA EN LAS SILLER\u00cdAS DE CORO\u00bb<\/strong><\/span>\n<\/span><\/span><\/p>\n\n<h4 style=\"text-align: center;\">Misericordia International&#8217;s Conference. Le\u00f3n, 29 May-1 June, 2014<\/h4>\n<span style=\"color: #2a2a2a;\">Este Congreso pretende poner de relieve la importancia que tuvieron las siller\u00edas de coro en la concepci\u00f3n espacial de la catedral y c\u00f3mo sus escultores y entalladores ensayaron en las mismas motivos, modelos y soluciones de car\u00e1cter formal, estil\u00edstico y constructivo que, despu\u00e9s, se reflejaron en las construcciones arquitect\u00f3nicas.<\/span>\n<p style=\"text-align: right;\"><a href=\"http:\/\/misericordialeon2014.weebly.com\/\"><span style=\"color: #000080;\">+ info<\/span><\/a><\/p>\n\n\n<hr \/>\n\n<pre style=\"text-align: center;\"><img loading=\"lazy\" decoding=\"async\" class=\"aligncenter wp-image-246\" src=\"http:\/\/institutos.unileon.es\/instituto-estudios-medievales\/files\/2014\/06\/Sin-t\u00edtulo-1-216x300.jpg\" alt=\"Sin t\u00edtulo-1\" width=\"178\" height=\"247\" srcset=\"https:\/\/institutos.unileon.es\/instituto-estudios-medievales\/files\/2014\/06\/Sin-t\u00edtulo-1-216x300.jpg 216w, https:\/\/institutos.unileon.es\/instituto-estudios-medievales\/files\/2014\/06\/Sin-t\u00edtulo-1.jpg 282w\" sizes=\"auto, (max-width: 178px) 100vw, 178px\" \/><\/pre>\n<p style=\"text-align: center;\"><span style=\"color: #000000;\">II CONGRESO INTERNACIONAL <\/span><\/p>\n\n<h3 style=\"text-align: center;\"><em><span style=\"color: #993300;\"><strong>LA F\u00c1BULA EN LA EDAD MEDIA. EL SIGLO XIV<\/strong><\/span><\/em><\/h3>\n<p style=\"text-align: center;\">Le\u00f3n, 22-23 MAYO 2014<\/p>\nEl proyecto de investigaci\u00f3n dirigido por la Dra. Cuesta Torre, dedicado al estudio de la f\u00e1bula espa\u00f1ola del siglo XIV, se re\u00fane en la Universidad de Le\u00f3n al tiempo que invita a la participaci\u00f3n de expertos internacionales en este tema, de forma que la visi\u00f3n del g\u00e9nero fabul\u00edstico resulte enriquecida por la aportaci\u00f3n de distintas perspectivas de estudio y an\u00e1lisis.\n<p style=\"text-align: right;\"><a href=\"http:\/\/fele.unileon.es\/fabulasXIV\/?page_id=54\"><em><span style=\"color: #333399;\">+info<\/span><\/em><\/a><\/p>\n\n\n<hr \/>\n\n<pre style=\"text-align: center;\"><a href=\"http:\/\/institutos.unileon.es\/instituto-estudios-medievales\/files\/2014\/06\/Cartel_SME_2013_PQ-copia.jpg\"><img loading=\"lazy\" decoding=\"async\" class=\"aligncenter wp-image-239 size-medium\" src=\"http:\/\/institutos.unileon.es\/instituto-estudios-medievales\/files\/2014\/06\/Cartel_SME_2013_PQ-copia-196x300.jpg\" alt=\"Cartel_SME_2013.cdr\" width=\"196\" height=\"300\" srcset=\"https:\/\/institutos.unileon.es\/instituto-estudios-medievales\/files\/2014\/06\/Cartel_SME_2013_PQ-copia-196x300.jpg 196w, https:\/\/institutos.unileon.es\/instituto-estudios-medievales\/files\/2014\/06\/Cartel_SME_2013_PQ-copia-671x1024.jpg 671w, https:\/\/institutos.unileon.es\/instituto-estudios-medievales\/files\/2014\/06\/Cartel_SME_2013_PQ-copia-900x1372.jpg 900w, https:\/\/institutos.unileon.es\/instituto-estudios-medievales\/files\/2014\/06\/Cartel_SME_2013_PQ-copia.jpg 907w\" sizes=\"auto, (max-width: 196px) 100vw, 196px\" \/><\/a><\/pre>\n<address style=\"text-align: center;\">\u00a0<\/address>\n<h2 style=\"font-weight: bold; color: #ffffff; text-align: center;\"><span class=\"wsite-text\" style=\"font-weight: 400 !important;\"><span style=\"color: #f8eaa9;\">Congreso Internacional<\/span><\/span><\/h2>\n<h3 style=\"text-align: center;\"><strong><span style=\"color: #000000;\">MC<\/span>\u00a0ANIVERSARIO\u00a0<\/strong><strong>DE<\/strong>\n<strong> SAN MIGUEL DE ESCALADA<\/strong><\/h3>\n<h4 align=\"center\"><span style=\"color: black;\">LE\u00d3N, 19-21 DE NOVIEMBRE DE 2013<\/span><\/h4>\nCon motivo de la celebraci\u00f3n del MC Aniversario de la consagraci\u00f3n del monasterio de San Miguel de Escalada, el Palacio del Conde de Luna acoge este congreso\u00a0que cuenta con\u00a0una\u00a0amplia participaci\u00f3n de investigadores espa\u00f1oles y extranjeros.\n<p style=\"text-align: right;\"><a href=\"http:\/\/congresoescalada.weebly.com\/\"><em><span style=\"color: #333399;\">+info<\/span><\/em><\/a><\/p>\n\n\n<hr \/>\n<p style=\"text-align: right;\"><a href=\"http:\/\/institutos.unileon.es\/instituto-estudios-medievales\/files\/2014\/06\/Cartel-Reinos-de-Leon_Maquetaci\u00f3n-1.jpg\"><img loading=\"lazy\" decoding=\"async\" class=\"size-medium wp-image-352 aligncenter\" src=\"http:\/\/institutos.unileon.es\/instituto-estudios-medievales\/files\/2014\/06\/Cartel-Reinos-de-Leon_Maquetaci\u00f3n-1-213x300.jpg\" alt=\"Cartel Reinos de Leon_Maquetaci\u00f3n 1\" width=\"213\" height=\"300\" srcset=\"https:\/\/institutos.unileon.es\/instituto-estudios-medievales\/files\/2014\/06\/Cartel-Reinos-de-Leon_Maquetaci\u00f3n-1-213x300.jpg 213w, https:\/\/institutos.unileon.es\/instituto-estudios-medievales\/files\/2014\/06\/Cartel-Reinos-de-Leon_Maquetaci\u00f3n-1-768x1084.jpg 768w, https:\/\/institutos.unileon.es\/instituto-estudios-medievales\/files\/2014\/06\/Cartel-Reinos-de-Leon_Maquetaci\u00f3n-1-726x1024.jpg 726w\" sizes=\"auto, (max-width: 213px) 100vw, 213px\" \/><\/a><\/p>\n\n<h3 style=\"text-align: center;\"><span style=\"color: #0000ff;\"><strong>REYES Y PRELADOS. <\/strong><strong>LA CREACI\u00d3N ART\u00cdSTICA <\/strong><\/span><span style=\"color: #0000ff;\"><strong>EN LOS REINOS DE LE\u00d3N Y CASTILLA (1050-1500)<\/strong><\/span><\/h3>\n<p style=\"text-align: center;\">Le\u00f3n, 6-8 de Noviembre de 2013<\/p>\n<p style=\"text-align: justify;\"><em>Reyes y Prelados\u00a0<\/em>recoge los resultados de dos proyectos de investigaci\u00f3n desarrollados en los a\u00f1os previos sobre la creaci\u00f3n art\u00edstica en el marco de los reinos leon\u00e9s y castellano de la Edad Media y el papel que en ella tuvieron los monarcas y los prelados, tanto individualmente como en colaboraci\u00f3n.<\/p>\n<p style=\"text-align: center;\"><a href=\"http:\/\/reyesyprelados2013.weebly.com\">http:\/\/reyesyprelados2013.weebly.com<\/a><\/p>\n<p style=\"text-align: center;\"><\/p>","protected":false},"excerpt":{"rendered":"<p>SEMINARIO CARTULARIO DE SAN PEDRO DE MONTES 1 y 2 de julio de 2021 Fundaci\u00f3n Sierra Pambley, 2 (Le\u00f3n) Workshop Fazer a lo moderno o a lo romano. Im\u00e1genes y textos del libro castellano del siglo XV Le\u00f3n, 8 y 9 de febrero de 2018 Programa SIMPOSIO INTERNACIONAL OBISPOS Y CATEDRALES. ARTE EN LA CASTILLA [&hellip;]<\/p>\n","protected":false},"author":90,"featured_media":0,"parent":0,"menu_order":0,"comment_status":"closed","ping_status":"open","template":"","meta":{"footnotes":""},"class_list":["post-193","page","type-page","status-publish","hentry"],"_links":{"self":[{"href":"https:\/\/institutos.unileon.es\/instituto-estudios-medievales\/wp-json\/wp\/v2\/pages\/193","targetHints":{"allow":["GET"]}}],"collection":[{"href":"https:\/\/institutos.unileon.es\/instituto-estudios-medievales\/wp-json\/wp\/v2\/pages"}],"about":[{"href":"https:\/\/institutos.unileon.es\/instituto-estudios-medievales\/wp-json\/wp\/v2\/types\/page"}],"author":[{"embeddable":true,"href":"https:\/\/institutos.unileon.es\/instituto-estudios-medievales\/wp-json\/wp\/v2\/users\/90"}],"replies":[{"embeddable":true,"href":"https:\/\/institutos.unileon.es\/instituto-estudios-medievales\/wp-json\/wp\/v2\/comments?post=193"}],"version-history":[{"count":19,"href":"https:\/\/institutos.unileon.es\/instituto-estudios-medievales\/wp-json\/wp\/v2\/pages\/193\/revisions"}],"predecessor-version":[{"id":789,"href":"https:\/\/institutos.unileon.es\/instituto-estudios-medievales\/wp-json\/wp\/v2\/pages\/193\/revisions\/789"}],"wp:attachment":[{"href":"https:\/\/institutos.unileon.es\/instituto-estudios-medievales\/wp-json\/wp\/v2\/media?parent=193"}],"curies":[{"name":"wp","href":"https:\/\/api.w.org\/{rel}","templated":true}]}}