{"id":161,"date":"2014-06-24T17:27:35","date_gmt":"2014-06-24T16:27:35","guid":{"rendered":"http:\/\/institutos.unileon.es\/instituto-estudios-medievales\/?page_id=161"},"modified":"2026-02-16T14:31:01","modified_gmt":"2026-02-16T13:31:01","slug":"miembros-2","status":"publish","type":"page","link":"https:\/\/institutos.unileon.es\/instituto-estudios-medievales\/miembros-2\/","title":{"rendered":"Miembros"},"content":{"rendered":"<address>\u00a0\u00a0<\/address>\n<p><strong>Miembros ordinarios<\/strong><\/p>\n<ul>\n<li>Baelo \u00c1lvarez, Roberto<\/li>\n<li>Cuesta Torre, M\u00aa Luzdivina<\/li>\n<li>Egido Fern\u00e1ndez, M\u00aa Cristina<\/li>\n<li>Fern\u00e1ndez \u00c1lvarez, \u00d3scar<\/li>\n<li>Fern\u00e1ndez Rodr\u00edguez, Carlos<\/li>\n<li>Fuertes Prieto, M\u00aa Natividad<\/li>\n<li>Gallego Lorenzo, Josefa<\/li>\n<li>Guzm\u00e1n Gonz\u00e1lez, Trinidad<\/li>\n<li>Herr\u00e1ez Ortega, M\u00aa Victoria<\/li>\n<li>Mart\u00edn Garc\u00eda, Alfredo<\/li>\n<li>Mart\u00edn L\u00f3pez, Encarnaci\u00f3n<\/li>\n<li>Mart\u00ednez Pe\u00f1\u00edn, Raquel<\/li>\n<li>Morais Mor\u00e1n, Jos\u00e9 Alberto<\/li>\n<li>Morala Rodr\u00edguez, Jos\u00e9 Ram\u00f3n<\/li>\n<li>Pardo Prieto, Paulino C\u00e9sar<\/li>\n<li>P\u00e9rez \u00c1lvarez, Mar\u00eda Jos\u00e9<\/li>\n<li>Poy Castro, Raquel<\/li>\n<li>Rodr\u00edguez Bravo, Blanca<\/li>\n<li>Rodr\u00edguez Garc\u00eda, Laura<\/li>\n<li>Tarodo Soria, Salvador<\/li>\n<li>Teijeira Pablos, M\u00aa Dolores<\/li>\n<li>Trabado Cabado, Jos\u00e9 Manuel<\/li>\n<\/ul>\n<p><strong>Miembros colaboradores<\/strong><\/p>\n<ul>\n<li>Casti\u00f1eiras L\u00f3pez, Javier<\/li>\n<li>Cavero Dom\u00ednguez,Gregoria<\/li>\n<li>Celis Crespo, Adri\u00e1n\u00a0<\/li>\n<li>Cosmen Alonso, M\u00aa Concepci\u00f3n<\/li>\n<li>Diez Guti\u00e9rrez, Laura<\/li>\n<li>Gonz\u00e1lez Gonz\u00e1lez, Miguel<\/li>\n<li>Gonz\u00e1lez Gonz\u00e1lez, Ra\u00fal<\/li>\n<li>Ouali Fern\u00e1ndez, Sara<\/li>\n<li>Pisabarros Ramos, Diego<\/li>\n<li>Rabasco Garc\u00eda, V\u00edctor<\/li>\n<\/ul>\n\n\n<ul>\n<li>Robles Varela, Claudia<\/li>\n<li>Soriano Ruiz, Teresa Sarah\u00ed<\/li>\n<\/ul>\n\n\n\n\n","protected":false},"excerpt":{"rendered":"<p>\u00a0\u00a0 Miembros ordinarios Baelo \u00c1lvarez, Roberto Cuesta Torre, M\u00aa Luzdivina Egido Fern\u00e1ndez, M\u00aa Cristina Fern\u00e1ndez \u00c1lvarez, \u00d3scar Fern\u00e1ndez Rodr\u00edguez, Carlos Fuertes Prieto, M\u00aa Natividad Gallego Lorenzo, Josefa Guzm\u00e1n Gonz\u00e1lez, Trinidad Herr\u00e1ez Ortega, M\u00aa Victoria Mart\u00edn Garc\u00eda, Alfredo Mart\u00edn L\u00f3pez, Encarnaci\u00f3n Mart\u00ednez Pe\u00f1\u00edn, Raquel Morais Mor\u00e1n, Jos\u00e9 Alberto Morala Rodr\u00edguez, Jos\u00e9 Ram\u00f3n Pardo Prieto, Paulino C\u00e9sar [&hellip;]<\/p>\n","protected":false},"author":90,"featured_media":0,"parent":0,"menu_order":0,"comment_status":"closed","ping_status":"open","template":"","meta":{"footnotes":""},"class_list":["post-161","page","type-page","status-publish","hentry"],"_links":{"self":[{"href":"https:\/\/institutos.unileon.es\/instituto-estudios-medievales\/wp-json\/wp\/v2\/pages\/161","targetHints":{"allow":["GET"]}}],"collection":[{"href":"https:\/\/institutos.unileon.es\/instituto-estudios-medievales\/wp-json\/wp\/v2\/pages"}],"about":[{"href":"https:\/\/institutos.unileon.es\/instituto-estudios-medievales\/wp-json\/wp\/v2\/types\/page"}],"author":[{"embeddable":true,"href":"https:\/\/institutos.unileon.es\/instituto-estudios-medievales\/wp-json\/wp\/v2\/users\/90"}],"replies":[{"embeddable":true,"href":"https:\/\/institutos.unileon.es\/instituto-estudios-medievales\/wp-json\/wp\/v2\/comments?post=161"}],"version-history":[{"count":38,"href":"https:\/\/institutos.unileon.es\/instituto-estudios-medievales\/wp-json\/wp\/v2\/pages\/161\/revisions"}],"predecessor-version":[{"id":879,"href":"https:\/\/institutos.unileon.es\/instituto-estudios-medievales\/wp-json\/wp\/v2\/pages\/161\/revisions\/879"}],"wp:attachment":[{"href":"https:\/\/institutos.unileon.es\/instituto-estudios-medievales\/wp-json\/wp\/v2\/media?parent=161"}],"curies":[{"name":"wp","href":"https:\/\/api.w.org\/{rel}","templated":true}]}}